
{"id":6467,"date":"2017-08-17T13:58:50","date_gmt":"2017-08-17T10:58:50","guid":{"rendered":"https:\/\/torpfrys.fi\/?page_id=6467\/"},"modified":"2017-08-18T15:48:47","modified_gmt":"2017-08-18T12:48:47","slug":"bjarne-snellmanin-haastattelu","status":"publish","type":"page","link":"https:\/\/torpfrys.fi\/fi\/bjarne-snellmanin-haastattelu\/","title":{"rendered":"Bjarne Snellmanin haastattelu"},"content":{"rendered":"<div class=\"wpb-content-wrapper\"><p>[vc_row][vc_column width=&#8221;2\/3&#8243;][vc_row_inner css=&#8221;.vc_custom_1438775936343{margin-top: 20px !important;}&#8221;][vc_column_inner css=&#8221;.vc_custom_1438583246401{padding-bottom: 20px !important;}&#8221;][vc_column_text]<\/p>\n<h1>Luottamus turkisalan tulevaisuuteen<\/h1>\n<p>[\/vc_column_text][\/vc_column_inner][\/vc_row_inner][vc_row_inner css=&#8221;.vc_custom_1446534130489{margin-bottom: 30px !important;}&#8221;][vc_column_inner][vc_single_image image=&#8221;6456&#8243; img_size=&#8221;full&#8221; css=&#8221;.vc_custom_1502968316750{margin-bottom: 24px !important;}&#8221;][vc_column_text]<b>Turkisteollisuudessa yksik\u00e4\u00e4n p\u00e4iv\u00e4 ei ole edellisen kaltainen. Bjarne on ty\u00f6skennellyt turkisalalla yli 20 vuotta, ja aloittaa ensi vuonna viidennen vuotensa Torp Frysin toimitusjohtajana. H\u00e4n katsoo alan tulevaisuuteen realistisen optimistisesti.<\/b><\/p>\n<p><span style=\"font-weight: 400;\">Bjarne hidastaa moottoriveneen vauhtia ja osoittaa vedess\u00e4 kohtaa, jossa aallot murtuvat. Vaikka vedenpinta on nyt matalalla, pystyy h\u00e4din tuskin n\u00e4kem\u00e4\u00e4n kiven, jota vasten aallot ly\u00f6v\u00e4t. Vedenpinnan ollessa korkeammalla kive\u00e4 ei n\u00e4y ollenkaan ja siihen osumisen riski on olemassa. Kokemus ja tieto voivat jossain m\u00e4\u00e4rin suojata t\u00f6rm\u00e4yksilt\u00e4. Kaikkea ei voi kuitenkaan ennustaa. Sama p\u00e4tee turkiselinkeinoon. <\/span><\/p>\n<p><span style=\"font-weight: 400;\">\u2212 Aiemmin tarhat olivat pienempi\u00e4, ja oli yleist\u00e4, ett\u00e4 rinnakkain hoidettiin sek\u00e4 tarhaa ett\u00e4 maanviljely\u00e4. Jos turkiselinkeino kannatti heikommin, oli aina olemassa toinen tukijalka. T\u00e4n\u00e4 p\u00e4iv\u00e4n\u00e4 tilanne on toinen. Tilat ovat suurempia ja usein ainoa tulonl\u00e4hde. Laskusuhdanne iskee lujemmin. Siksi on t\u00e4rke\u00e4\u00e4 suunnitella talous huolellisesti my\u00f6s hyvien jaksojen aikana, selitt\u00e4\u00e4 Bjarne. <\/span><\/p>\n<p><span style=\"font-weight: 400;\">Bjarnen mielest\u00e4 paljon on kiinni omasta asenteesta \u2013 t\u00e4ytyy p\u00e4\u00e4tt\u00e4\u00e4 suhtautua tulevaisuuteen optimistisesti. Varaudu pahimpaan, mutta tavoittele parasta.<\/span>[\/vc_column_text][vc_single_image image=&#8221;6461&#8243; img_size=&#8221;full&#8221; css=&#8221;.vc_custom_1502969060376{margin-top: 24px !important;margin-bottom: 24px !important;}&#8221;][vc_column_text]<span style=\"font-weight: 400;\">On selv\u00e4\u00e4, ett\u00e4 Torp Frys n\u00e4kee turkiselinkeinon tulevaisuuden my\u00f6nteisen\u00e4: Bjarne kertoo heid\u00e4n investoivansa viel\u00e4 yhteen tuotantolinjaan, osana toimitusvarmuuden turvaamista. Ajallisesti l\u00e4hin investointi on tyt\u00e4ryhti\u00f6 Oy TF Products Ab:n suunniteltu keitt\u00e4m\u00f6 Kolpissa, Peders\u00f6ress\u00e4. <\/span><\/p>\n<p><span style=\"font-weight: 400;\">Keitt\u00e4m\u00f6ss\u00e4 on tarkoitus keitt\u00e4\u00e4 turkisel\u00e4inten ruhoja ja teurastuksen sivutuotteita, jotka k\u00e4ytet\u00e4\u00e4n raaka-aineena turkisel\u00e4inten rehun valmistuksessa. <\/span><span style=\"font-weight: 400;\">Ajanjaksolla 1.11 \u2013 15.1. keitet\u00e4\u00e4n arviolta 8500 tonnia tuotetta. Yhten\u00e4 maan suurimmista rehun valmistajista Torp Frys haluaa kantaa vastuunsa ja huolehtia noin 200 asiakkaansa turkisel\u00e4inten ruhoista<\/span><span style=\"font-weight: 400;\">. \u00a0<\/span><\/p>\n<p><span style=\"font-weight: 400;\">\u2212 Hyv\u00e4 raaka-aine on k\u00e4sitelt\u00e4v\u00e4 nopeasti ja se vaatii kapasiteetin, joka t\u00e4m\u00e4n hetken tilanteessa ei m\u00e4\u00e4r\u00e4ttyin\u00e4 aikoina ole ollut riitt\u00e4v\u00e4. N\u00e4emme tilanteen korjaamisen olevan meid\u00e4n teht\u00e4v\u00e4mme. Samalla luomme alueelle uusia ty\u00f6paikkoja.<\/span><\/p>\n<p><span style=\"font-weight: 400;\">Suunnitteilla oleva keitt\u00e4m\u00f6 on kuitenkin kohdannut nimet\u00f6nt\u00e4 vastustusta. Bjarne t\u00e4sment\u00e4\u00e4, ett\u00e4 h\u00e4n toivottaa avoimen keskustelun tervetulleeksi. Yritys on mm. kutsunut yleis\u00f6\u00e4 keskustelemaan keitt\u00e4m\u00f6st\u00e4. Sit\u00e4 vastoin h\u00e4nest\u00e4 ei ole hedelm\u00e4llist\u00e4 keskustella nimett\u00f6mien kritisoijien kanssa. Sen sijaan on valittu faktatiedon esiintuominen Torp Frysin omissa kanavissa. <\/span><\/p>\n<p><span style=\"font-weight: 400;\">\u2212 Jokaisella on oikeus mielipiteeseens\u00e4. Min\u00e4 kunnioitan sit\u00e4. Mutta olen my\u00f6s sit\u00e4 mielt\u00e4, ett\u00e4 t\u00e4ytyy pysty\u00e4 vastaamaan mielipiteest\u00e4\u00e4n. Nimett\u00f6m\u00e4n\u00e4 esiintyminen saa aikaan sen, ett\u00e4 ei joudu kantamaan vastuuta sanomisistaan. Siten on helpompi tuoda esiin per\u00e4tt\u00f6myyksi\u00e4. <\/span><\/p>\n<p><span style=\"font-weight: 400;\">Bjarne ohjaa veneen rantaa kohti. Suvun yhteisell\u00e4 kes\u00e4m\u00f6kill\u00e4 odottaa kahvipannu ja mustikkapiirakka. Ennen rantautumista h\u00e4n haluaa viel\u00e4 sanoa jotakin. <\/span><\/p>\n<p><span style=\"font-weight: 400;\"> \u2212 Torp Frysin menestys perustuu henkil\u00f6kunnan panostuksiin. Tied\u00e4n, ett\u00e4 se kuulostaa todelliselle kliseelle, mutta se on totuus. <\/span><\/p>\n<p><span style=\"font-weight: 400;\">Kysymykseen siit\u00e4, kuinka h\u00e4n itse k\u00e4sittelee menestyst\u00e4, h\u00e4n vastaa:<\/span><\/p>\n<p><span style=\"font-weight: 400;\"> \u2212 Kiitollisuudella, vilpitt\u00f6m\u00e4ll\u00e4 kiitollisuudella.<\/span>[\/vc_column_text][vc_single_image image=&#8221;6463&#8243; img_size=&#8221;full&#8221; css=&#8221;.vc_custom_1502969069571{margin-top: 24px !important;}&#8221;][vc_column_text css=&#8221;.vc_custom_1502975695281{margin-top: 22px !important;margin-bottom: 22px !important;}&#8221; el_class=&#8221;.&#8221;]<\/p>\n<div style=\"display: flex;\"><strong style=\"padding-top: 6px; padding-right: 6px;\">Jaa\u00a0artikeli\u00a0<\/strong> [ssba]<\/div>\n<p>[\/vc_column_text][\/vc_column_inner][\/vc_row_inner][\/vc_column][vc_column width=&#8221;1\/3&#8243; css=&#8221;.vc_custom_1502971141655{margin-top: 92px !important;}&#8221;][\/vc_column][\/vc_row][vc_row margin_top=&#8221;20px&#8221;][vc_column][vc_single_image image=&#8221;62&#8243; img_size=&#8221;full&#8221; alignment=&#8221;center&#8221; image_hovers=&#8221;false&#8221;][\/vc_column][\/vc_row]<\/p>\n<\/div>","protected":false},"excerpt":{"rendered":"<p>[vc_row][vc_column width=&#8221;2\/3&#8243;][vc_row_inner css=&#8221;.vc_custom_1438775936343{margin-top: 20px !important;}&#8221;][vc_column_inner css=&#8221;.vc_custom_1438583246401{padding-bottom: 20px !important;}&#8221;][vc_column_text] Luottamus turkisalan tulevaisuuteen [\/vc_column_text][\/vc_column_inner][\/vc_row_inner][vc_row_inner css=&#8221;.vc_custom_1446534130489{margin-bottom: 30px !important;}&#8221;][vc_column_inner][vc_single_image image=&#8221;6456&#8243; img_size=&#8221;full&#8221; css=&#8221;.vc_custom_1502968316750{margin-bottom: 24px !important;}&#8221;][vc_column_text]Turkisteollisuudessa yksik\u00e4\u00e4n p\u00e4iv\u00e4 ei ole edellisen kaltainen. Bjarne on ty\u00f6skennellyt turkisalalla yli 20 vuotta, ja aloittaa ensi vuonna viidennen vuotensa Torp Frysin toimitusjohtajana. H\u00e4n katsoo alan tulevaisuuteen realistisen optimistisesti. Bjarne hidastaa moottoriveneen vauhtia ja osoittaa vedess\u00e4&hellip;<\/p>\n","protected":false},"author":218,"featured_media":0,"parent":0,"menu_order":0,"comment_status":"closed","ping_status":"closed","template":"","meta":{"footnotes":""},"class_list":["post-6467","page","type-page","status-publish","hentry","description-off"],"yoast_head":"<!-- This site is optimized with the Yoast SEO plugin v24.9 - https:\/\/yoast.com\/wordpress\/plugins\/seo\/ -->\n<title>Torp Frys | Luottamus turkisalan tulevaisuuteen<\/title>\n<meta name=\"description\" content=\"Bjarne on ty\u00f6skennellyt turkisalalla yli 20 vuotta, ja aloittaa ensi vuonna viidennen vuotensa Torp Frysin toimitusjohtajana.\" \/>\n<meta name=\"robots\" content=\"index, follow, max-snippet:-1, max-image-preview:large, max-video-preview:-1\" \/>\n<link rel=\"canonical\" href=\"https:\/\/torpfrys.fi\/fi\/bjarne-snellmanin-haastattelu\/\" \/>\n<meta property=\"og:locale\" content=\"fi_FI\" \/>\n<meta property=\"og:type\" content=\"article\" \/>\n<meta property=\"og:title\" content=\"Torp Frys | Luottamus turkisalan tulevaisuuteen\" \/>\n<meta property=\"og:description\" content=\"Bjarne on ty\u00f6skennellyt turkisalalla yli 20 vuotta, ja aloittaa ensi vuonna viidennen vuotensa Torp Frysin toimitusjohtajana.\" \/>\n<meta property=\"og:url\" content=\"https:\/\/torpfrys.fi\/fi\/bjarne-snellmanin-haastattelu\/\" \/>\n<meta property=\"og:site_name\" content=\"Torp Frys\" \/>\n<meta property=\"article:modified_time\" content=\"2017-08-18T12:48:47+00:00\" \/>\n<meta name=\"twitter:card\" content=\"summary_large_image\" \/>\n<meta name=\"twitter:label1\" content=\"Arvioitu lukuaika\" \/>\n\t<meta name=\"twitter:data1\" content=\"3 minuuttia\" \/>\n<script type=\"application\/ld+json\" class=\"yoast-schema-graph\">{\"@context\":\"https:\/\/schema.org\",\"@graph\":[{\"@type\":\"WebPage\",\"@id\":\"https:\/\/torpfrys.fi\/fi\/bjarne-snellmanin-haastattelu\/\",\"url\":\"https:\/\/torpfrys.fi\/fi\/bjarne-snellmanin-haastattelu\/\",\"name\":\"Torp Frys | Luottamus turkisalan tulevaisuuteen\",\"isPartOf\":{\"@id\":\"https:\/\/torpfrys.fi\/fi\/#website\"},\"datePublished\":\"2017-08-17T10:58:50+00:00\",\"dateModified\":\"2017-08-18T12:48:47+00:00\",\"description\":\"Bjarne on ty\u00f6skennellyt turkisalalla yli 20 vuotta, ja aloittaa ensi vuonna viidennen vuotensa Torp Frysin toimitusjohtajana.\",\"breadcrumb\":{\"@id\":\"https:\/\/torpfrys.fi\/fi\/bjarne-snellmanin-haastattelu\/#breadcrumb\"},\"inLanguage\":\"fi\",\"potentialAction\":[{\"@type\":\"ReadAction\",\"target\":[\"https:\/\/torpfrys.fi\/fi\/bjarne-snellmanin-haastattelu\/\"]}]},{\"@type\":\"BreadcrumbList\",\"@id\":\"https:\/\/torpfrys.fi\/fi\/bjarne-snellmanin-haastattelu\/#breadcrumb\",\"itemListElement\":[{\"@type\":\"ListItem\",\"position\":1,\"name\":\"Hem\",\"item\":\"https:\/\/torpfrys.fi\/fi\/\"},{\"@type\":\"ListItem\",\"position\":2,\"name\":\"Bjarne Snellmanin haastattelu\"}]},{\"@type\":\"WebSite\",\"@id\":\"https:\/\/torpfrys.fi\/fi\/#website\",\"url\":\"https:\/\/torpfrys.fi\/fi\/\",\"name\":\"Torp Frys\",\"description\":\"\",\"potentialAction\":[{\"@type\":\"SearchAction\",\"target\":{\"@type\":\"EntryPoint\",\"urlTemplate\":\"https:\/\/torpfrys.fi\/fi\/?s={search_term_string}\"},\"query-input\":{\"@type\":\"PropertyValueSpecification\",\"valueRequired\":true,\"valueName\":\"search_term_string\"}}],\"inLanguage\":\"fi\"}]}<\/script>\n<!-- \/ Yoast SEO plugin. -->","yoast_head_json":{"title":"Torp Frys | Luottamus turkisalan tulevaisuuteen","description":"Bjarne on ty\u00f6skennellyt turkisalalla yli 20 vuotta, ja aloittaa ensi vuonna viidennen vuotensa Torp Frysin toimitusjohtajana.","robots":{"index":"index","follow":"follow","max-snippet":"max-snippet:-1","max-image-preview":"max-image-preview:large","max-video-preview":"max-video-preview:-1"},"canonical":"https:\/\/torpfrys.fi\/fi\/bjarne-snellmanin-haastattelu\/","og_locale":"fi_FI","og_type":"article","og_title":"Torp Frys | Luottamus turkisalan tulevaisuuteen","og_description":"Bjarne on ty\u00f6skennellyt turkisalalla yli 20 vuotta, ja aloittaa ensi vuonna viidennen vuotensa Torp Frysin toimitusjohtajana.","og_url":"https:\/\/torpfrys.fi\/fi\/bjarne-snellmanin-haastattelu\/","og_site_name":"Torp Frys","article_modified_time":"2017-08-18T12:48:47+00:00","twitter_card":"summary_large_image","twitter_misc":{"Arvioitu lukuaika":"3 minuuttia"},"schema":{"@context":"https:\/\/schema.org","@graph":[{"@type":"WebPage","@id":"https:\/\/torpfrys.fi\/fi\/bjarne-snellmanin-haastattelu\/","url":"https:\/\/torpfrys.fi\/fi\/bjarne-snellmanin-haastattelu\/","name":"Torp Frys | Luottamus turkisalan tulevaisuuteen","isPartOf":{"@id":"https:\/\/torpfrys.fi\/fi\/#website"},"datePublished":"2017-08-17T10:58:50+00:00","dateModified":"2017-08-18T12:48:47+00:00","description":"Bjarne on ty\u00f6skennellyt turkisalalla yli 20 vuotta, ja aloittaa ensi vuonna viidennen vuotensa Torp Frysin toimitusjohtajana.","breadcrumb":{"@id":"https:\/\/torpfrys.fi\/fi\/bjarne-snellmanin-haastattelu\/#breadcrumb"},"inLanguage":"fi","potentialAction":[{"@type":"ReadAction","target":["https:\/\/torpfrys.fi\/fi\/bjarne-snellmanin-haastattelu\/"]}]},{"@type":"BreadcrumbList","@id":"https:\/\/torpfrys.fi\/fi\/bjarne-snellmanin-haastattelu\/#breadcrumb","itemListElement":[{"@type":"ListItem","position":1,"name":"Hem","item":"https:\/\/torpfrys.fi\/fi\/"},{"@type":"ListItem","position":2,"name":"Bjarne Snellmanin haastattelu"}]},{"@type":"WebSite","@id":"https:\/\/torpfrys.fi\/fi\/#website","url":"https:\/\/torpfrys.fi\/fi\/","name":"Torp Frys","description":"","potentialAction":[{"@type":"SearchAction","target":{"@type":"EntryPoint","urlTemplate":"https:\/\/torpfrys.fi\/fi\/?s={search_term_string}"},"query-input":{"@type":"PropertyValueSpecification","valueRequired":true,"valueName":"search_term_string"}}],"inLanguage":"fi"}]}},"_links":{"self":[{"href":"https:\/\/torpfrys.fi\/fi\/wp-json\/wp\/v2\/pages\/6467","targetHints":{"allow":["GET"]}}],"collection":[{"href":"https:\/\/torpfrys.fi\/fi\/wp-json\/wp\/v2\/pages"}],"about":[{"href":"https:\/\/torpfrys.fi\/fi\/wp-json\/wp\/v2\/types\/page"}],"author":[{"embeddable":true,"href":"https:\/\/torpfrys.fi\/fi\/wp-json\/wp\/v2\/users\/218"}],"replies":[{"embeddable":true,"href":"https:\/\/torpfrys.fi\/fi\/wp-json\/wp\/v2\/comments?post=6467"}],"version-history":[{"count":23,"href":"https:\/\/torpfrys.fi\/fi\/wp-json\/wp\/v2\/pages\/6467\/revisions"}],"predecessor-version":[{"id":6522,"href":"https:\/\/torpfrys.fi\/fi\/wp-json\/wp\/v2\/pages\/6467\/revisions\/6522"}],"wp:attachment":[{"href":"https:\/\/torpfrys.fi\/fi\/wp-json\/wp\/v2\/media?parent=6467"}],"curies":[{"name":"wp","href":"https:\/\/api.w.org\/{rel}","templated":true}]}}